{"id":10,"date":"2020-01-19T10:43:40","date_gmt":"2020-01-19T09:43:40","guid":{"rendered":"http:\/\/www.1ccz.cz\/?page_id=10"},"modified":"2022-08-29T00:42:34","modified_gmt":"2022-08-28T23:42:34","slug":"about","status":"publish","type":"page","link":"https:\/\/1ccz.cz\/tr\/","title":{"rendered":"\u015eirket hakk\u0131nda"},"content":{"rendered":"<p style=\"text-align: left;\"><strong>FB Group<\/strong>, 1C\u2019nin, \u00c7ek Cumhuriyeti\u2019ndeki ve T\u00fcrkiye\u2019deki resmi orta\u011f\u0131d\u0131r.<\/p>\n<p style=\"text-align: left;\">1997\u2019den beri 1C \u00fcr\u00fcnleriyle \u00e7al\u0131\u015fan, benzer d\u00fc\u015f\u00fcnen insanlardan olu\u015fan bir ekibiz. Bu s\u00fcre zarf\u0131nda \u00fcretim, lojistik, perakende ve toptan sat\u0131\u015f alan\u0131nda hem k\u00fc\u00e7\u00fck \u015firketlerin hem de uluslararas\u0131 holdinglerin dijitalle\u015fme s\u00fcre\u00e7lerini y\u00f6nettik.<\/p>\n<p style=\"text-align: left;\">Her projenin uygulanmas\u0131, i\u015f s\u00fcre\u00e7lerinin tan\u0131mlanmas\u0131, yeniden yap\u0131lanma ihtiyac\u0131n\u0131 anlama ve sonu\u00e7 olarak gerekli sisteminin olu\u015fturulmas\u0131na dayanmaktad\u0131r.<\/p>\n<p style=\"text-align: left;\">\u00c7\u00f6z\u00fcmler her zaman anahtar teslimi olarak yap\u0131l\u0131r ve m\u00fc\u015fterilerimizin d\u00fcnyan\u0131n \u00e7e\u015fitli \u00fclkelerindeki i\u015flerini \u015feffaf bir \u015fekilde y\u00f6netmelerine ve geli\u015ftirmelerine olanak tan\u0131r.<\/p>\n<p style=\"text-align: left;\">Sizi \u015firketiniz i\u00e7in en iyi \u00e7\u00f6z\u00fcm\u00fc bulmak ad\u0131na m\u00fc\u015fterimiz olmaya davet ediyoruz.\u00a0<\/p>\n<p style=\"text-align: left;\"><strong>FB Group<\/strong> Ekibi<\/p>\n\n\n<p><\/p>\n","protected":false},"excerpt":{"rendered":"<p>FB Group, 1C\u2019nin, \u00c7ek Cumhuriyeti\u2019ndeki ve T\u00fcrkiye\u2019deki resmi orta\u011f\u0131d\u0131r. 1997\u2019den beri 1C \u00fcr\u00fcnleriyle \u00e7al\u0131\u015fan, benzer d\u00fc\u015f\u00fcnen insanlardan olu\u015fan bir ekibiz. Bu s\u00fcre zarf\u0131nda \u00fcretim, lojistik, perakende ve toptan sat\u0131\u015f alan\u0131nda hem k\u00fc\u00e7\u00fck \u015firketlerin hem de uluslararas\u0131 holdinglerin dijitalle\u015fme s\u00fcre\u00e7lerini y\u00f6nettik. Her projenin uygulanmas\u0131, i\u015f s\u00fcre\u00e7lerinin tan\u0131mlanmas\u0131, yeniden yap\u0131lanma ihtiyac\u0131n\u0131 anlama ve sonu\u00e7 olarak gerekli sisteminin [&hellip;]<\/p>\n","protected":false},"author":2,"featured_media":0,"parent":0,"menu_order":0,"comment_status":"closed","ping_status":"closed","template":"template-homepage.php","meta":{"footnotes":""},"translation":{"provider":"WPGlobus","version":"2.12.2","language":"tr","enabled_languages":["en","ru","cz","tr"],"languages":{"en":{"title":true,"content":true,"excerpt":false},"ru":{"title":true,"content":true,"excerpt":false},"cz":{"title":true,"content":true,"excerpt":false},"tr":{"title":true,"content":true,"excerpt":false}}},"jetpack_sharing_enabled":true,"_links":{"self":[{"href":"https:\/\/1ccz.cz\/tr\/wp-json\/wp\/v2\/pages\/10"}],"collection":[{"href":"https:\/\/1ccz.cz\/tr\/wp-json\/wp\/v2\/pages"}],"about":[{"href":"https:\/\/1ccz.cz\/tr\/wp-json\/wp\/v2\/types\/page"}],"author":[{"embeddable":true,"href":"https:\/\/1ccz.cz\/tr\/wp-json\/wp\/v2\/users\/2"}],"replies":[{"embeddable":true,"href":"https:\/\/1ccz.cz\/tr\/wp-json\/wp\/v2\/comments?post=10"}],"version-history":[{"count":67,"href":"https:\/\/1ccz.cz\/tr\/wp-json\/wp\/v2\/pages\/10\/revisions"}],"predecessor-version":[{"id":1087,"href":"https:\/\/1ccz.cz\/tr\/wp-json\/wp\/v2\/pages\/10\/revisions\/1087"}],"wp:attachment":[{"href":"https:\/\/1ccz.cz\/tr\/wp-json\/wp\/v2\/media?parent=10"}],"curies":[{"name":"wp","href":"https:\/\/api.w.org\/{rel}","templated":true}]}}